{"id":2,"date":"2026-03-17T19:44:20","date_gmt":"2026-03-17T19:44:20","guid":{"rendered":"https:\/\/web2.anuies.mx\/congresoredlat-encuentrorenadesi2026\/?page_id=2"},"modified":"2026-04-21T18:44:57","modified_gmt":"2026-04-21T18:44:57","slug":"inicio","status":"publish","type":"page","link":"https:\/\/web2.anuies.mx\/congresoredlat-encuentrorenadesi2026\/","title":{"rendered":""},"content":{"rendered":"<div id=\"pl-2\"  class=\"panel-layout\" ><div id=\"pg-2-0\"  class=\"panel-grid panel-no-style\" ><div id=\"pgc-2-0-0\"  class=\"panel-grid-cell\" ><div id=\"panel-2-0-0-0\" class=\"so-panel widget widget_sow-editor panel-first-child\" data-index=\"0\" ><div class=\"so-rounded panel-widget-style panel-widget-style-for-2-0-0-0\" ><div\n\t\t\t\n\t\t\tclass=\"so-widget-sow-editor so-widget-sow-editor-base\"\n\t\t\t\n\t\t>\n<div class=\"siteorigin-widget-tinymce textwidget\">\n\t<p><!-- wp:paragraph --><\/p>\n<h2 style=\"text-align: center;\"><span style=\"color: #ffffff;\"><strong>CONVOCATORIA<\/strong><\/span><\/h2>\n<h2 style=\"text-align: center;\"><span style=\"color: #ffffff;\">14vo Congreso Internacional de la Red Interuniversitaria Latinoamericana y del Caribe sobre Discapacidad y Derechos Humanos (REDLAT) 2026 y Tercer Encuentro de la Red Nacional de Educaci\u00f3n Superior por la Inclusi\u00f3n de la ANUIES 2026 (RENADESI-ANUIES)<\/span><\/h2>\n<\/div>\n<\/div><\/div><\/div><div id=\"panel-2-0-0-1\" class=\"so-panel widget widget_sow-editor\" data-index=\"1\" ><div class=\"so-rounded panel-widget-style panel-widget-style-for-2-0-0-1\" ><div\n\t\t\t\n\t\t\tclass=\"so-widget-sow-editor so-widget-sow-editor-base\"\n\t\t\t\n\t\t>\n<div class=\"siteorigin-widget-tinymce textwidget\">\n\t<p><!-- wp:paragraph --><\/p>\n<p style=\"text-align: center;\"><span style=\"font-size: 18pt; color: #ffffff;\">Pol\u00edticas y pr\u00e1cticas inclusivas en las Instituciones de Educaci\u00f3n Superior:<\/span><\/p>\n<p style=\"text-align: center;\"><span style=\"font-size: 18pt; color: #ffffff;\">Realidades y desaf\u00edos para la transformaci\u00f3n en la cultura educativa<\/span><\/p>\n<p><!-- \/wp:quote --><!-- wp:paragraph --><\/p>\n<p><!-- \/wp:paragraph --><\/p>\n<\/div>\n<\/div><\/div><\/div><div id=\"panel-2-0-0-2\" class=\"so-panel widget widget_sow-editor panel-last-child\" data-index=\"2\" ><div\n\t\t\t\n\t\t\tclass=\"so-widget-sow-editor so-widget-sow-editor-base\"\n\t\t\t\n\t\t>\n<div class=\"siteorigin-widget-tinymce textwidget\">\n\t<p><!-- wp:paragraph --><\/p>\n<h3 style=\"text-align: center;\">Modalidad Presencial, del 28 al 30 de octubre<br \/>\nSede: Centro de Innovaci\u00f3n y Desarrollo de la Asociaci\u00f3n Nacional de Universidades e Instituciones de Educaci\u00f3n Superior (CID-ANUIES)<br \/>\nCiudad de M\u00e9xico, M\u00e9xico<br \/>\nEvento sin costo alguno<\/h3>\n<p><!-- \/wp:paragraph --><\/p>\n<\/div>\n<\/div><\/div><\/div><\/div><div id=\"pg-2-1\"  class=\"panel-grid panel-no-style\" ><div id=\"pgc-2-1-0\"  class=\"panel-grid-cell\" ><div id=\"panel-2-1-0-0\" class=\"so-panel widget widget_sow-button panel-first-child\" data-index=\"3\" ><div\n\t\t\t\n\t\t\tclass=\"so-widget-sow-button so-widget-sow-button-flat-518b300f6860-2\"\n\t\t\t\n\t\t><div class=\"ow-button-base ow-button-align-center\"\n>\n\t\t\t<a\n\t\t\t\t\thref=\"https:\/\/web2.anuies.mx\/congresoredlat-encuentrorenadesi2026\/wp-content\/uploads\/sites\/5\/2026\/04\/Convocatoria_Redlat_Renadesi2026.pdf\"\n\t\t\t\t\tclass=\"sowb-button ow-icon-placement-left ow-button-hover\" target=\"_blank\" rel=\"noopener noreferrer\" \t>\n\t\t<span>\n\t\t\t<span class=\"sow-icon-fontawesome sow-far\" data-sow-icon=\"&#xf1c1;\"\n\t\tstyle=\"color: #ffffff\" \n\t\taria-hidden=\"true\"><\/span>\n\t\t\tConvocatoria\t\t<\/span>\n\t\t\t<\/a>\n\t<\/div>\n<\/div><\/div><div id=\"panel-2-1-0-1\" class=\"so-panel widget widget_sow-button panel-last-child\" data-index=\"4\" ><div\n\t\t\t\n\t\t\tclass=\"so-widget-sow-button so-widget-sow-button-flat-518b300f6860-2\"\n\t\t\t\n\t\t><div class=\"ow-button-base ow-button-align-center\"\n>\n\t\t\t<a\n\t\t\t\t\thref=\"https:\/\/chat.whatsapp.com\/Kp35G9Uxn9WIFfuiGGTzK2\"\n\t\t\t\t\tclass=\"sowb-button ow-icon-placement-left ow-button-hover\" download=\"\" \t>\n\t\t<span>\n\t\t\t<span class=\"sow-icon-ionicons\" data-sow-icon=\"&#xf11d;\"\n\t\tstyle=\"color: #ffffff\" \n\t\taria-hidden=\"true\"><\/span>\n\t\t\tAtenci\u00f3n a dudas\t\t<\/span>\n\t\t\t<\/a>\n\t<\/div>\n<\/div><\/div><\/div><div id=\"pgc-2-1-1\"  class=\"panel-grid-cell\" ><div id=\"panel-2-1-1-0\" class=\"so-panel widget widget_sow-button panel-first-child panel-last-child\" data-index=\"5\" ><div\n\t\t\t\n\t\t\tclass=\"so-widget-sow-button so-widget-sow-button-flat-518b300f6860-2\"\n\t\t\t\n\t\t><div class=\"ow-button-base ow-button-align-center\"\n>\n\t\t\t<a\n\t\t\t\t\thref=\"https:\/\/forms.gle\/n6qeYYsx8kD2BcEM6\"\n\t\t\t\t\tclass=\"sowb-button ow-icon-placement-left ow-button-hover\" target=\"_blank\" rel=\"noopener noreferrer\" \t>\n\t\t<span>\n\t\t\t<span class=\"sow-icon-icomoon\" data-sow-icon=\"&#xea9b;\"\n\t\tstyle=\"color: #ffffff\" \n\t\taria-hidden=\"true\"><\/span>\n\t\t\tRegistro\t\t<\/span>\n\t\t\t<\/a>\n\t<\/div>\n<\/div><\/div><\/div><\/div><\/div>","protected":false},"excerpt":{"rendered":"<p>CONVOCATORIA 14vo Congreso Internacional de la Red Interuniversitaria Latinoamericana y del Caribe sobre Discapacidad y Derechos Humanos (REDLAT) 2026 y Tercer Encuentro de la Red Nacional de Educaci\u00f3n Superior por la Inclusi\u00f3n de la ANUIES 2026 (RENADESI-ANUIES) Pol\u00edticas y pr\u00e1cticas<\/p>\n","protected":false},"author":1,"featured_media":0,"parent":0,"menu_order":0,"comment_status":"closed","ping_status":"open","template":"","meta":{"footnotes":""},"class_list":["post-2","page","type-page","status-publish","hentry"],"_links":{"self":[{"href":"https:\/\/web2.anuies.mx\/congresoredlat-encuentrorenadesi2026\/wp-json\/wp\/v2\/pages\/2","targetHints":{"allow":["GET"]}}],"collection":[{"href":"https:\/\/web2.anuies.mx\/congresoredlat-encuentrorenadesi2026\/wp-json\/wp\/v2\/pages"}],"about":[{"href":"https:\/\/web2.anuies.mx\/congresoredlat-encuentrorenadesi2026\/wp-json\/wp\/v2\/types\/page"}],"author":[{"embeddable":true,"href":"https:\/\/web2.anuies.mx\/congresoredlat-encuentrorenadesi2026\/wp-json\/wp\/v2\/users\/1"}],"replies":[{"embeddable":true,"href":"https:\/\/web2.anuies.mx\/congresoredlat-encuentrorenadesi2026\/wp-json\/wp\/v2\/comments?post=2"}],"version-history":[{"count":40,"href":"https:\/\/web2.anuies.mx\/congresoredlat-encuentrorenadesi2026\/wp-json\/wp\/v2\/pages\/2\/revisions"}],"predecessor-version":[{"id":73,"href":"https:\/\/web2.anuies.mx\/congresoredlat-encuentrorenadesi2026\/wp-json\/wp\/v2\/pages\/2\/revisions\/73"}],"wp:attachment":[{"href":"https:\/\/web2.anuies.mx\/congresoredlat-encuentrorenadesi2026\/wp-json\/wp\/v2\/media?parent=2"}],"curies":[{"name":"wp","href":"https:\/\/api.w.org\/{rel}","templated":true}]}}